{"id":616,"date":"2020-04-30T18:35:05","date_gmt":"2020-04-30T16:35:05","guid":{"rendered":"https:\/\/www.krummi.at\/?page_id=616"},"modified":"2020-05-07T16:14:51","modified_gmt":"2020-05-07T14:14:51","slug":"krummi-und-die-alpenvoegel","status":"publish","type":"page","link":"https:\/\/www.krummi.at\/en\/cds\/krummi-und-die-alpenvoegel\/","title":{"rendered":"Krummi und die Alpenv\u00f6gel | Krummi og hinir alpafuglarnir"},"content":{"rendered":"\n<h3 class=\"wp-block-heading\">Krummi und die Alpenv\u00f6gel<br>Krummi og hinir alpafuglarnir<\/h3>\n\n\n\n<div style=\"height:50px\" aria-hidden=\"true\" class=\"wp-block-spacer\"><\/div>\n\n\n\n<figure class=\"wp-block-image size-large\"><a href=\"https:\/\/www.krummi.at\/wp-content\/uploads\/2019\/01\/krummi_cd_cover_front_web.jpg\" data-rel=\"lightbox-gallery-ltmvQUQE\" data-rl_title=\"CD Krummi &#8211; Ellen Freyd\u00eds Martin &#8211; Cover\" data-rl_caption=\"\" title=\"CD Krummi &#8211; Ellen Freyd\u00eds Martin &#8211; Cover\"><img loading=\"lazy\" decoding=\"async\" width=\"1024\" height=\"919\" src=\"https:\/\/www.krummi.at\/wp-content\/uploads\/2019\/01\/krummi_cd_cover_front_web-1024x919.jpg\" alt=\"\" class=\"wp-image-71\" srcset=\"https:\/\/www.krummi.at\/wp-content\/uploads\/2019\/01\/krummi_cd_cover_front_web-1024x919.jpg 1024w, https:\/\/www.krummi.at\/wp-content\/uploads\/2019\/01\/krummi_cd_cover_front_web-768x689.jpg 768w, https:\/\/www.krummi.at\/wp-content\/uploads\/2019\/01\/krummi_cd_cover_front_web-300x269.jpg 300w, https:\/\/www.krummi.at\/wp-content\/uploads\/2019\/01\/krummi_cd_cover_front_web.jpg 1651w\" sizes=\"auto, (max-width: 1024px) 100vw, 1024px\" \/><\/a><figcaption>CD cover &#8211; Ellen Freyd\u00eds Martin\nKrummi und die Alpenv\u00f6gel\n<\/figcaption><\/figure>\n\n\n\n<figure class=\"wp-block-table\"><table><tbody><tr><td>1<\/td><td>Kall sat undir kletti<\/td><td>2:55<\/td><\/tr><tr><td>2<\/td><td>B\u00edum, b\u00edum bamba<\/td><td>2:38<\/td><\/tr><tr><td>3<\/td><td>Krummi svaf klettagj\u00e1<\/td><td>2:24<\/td><\/tr><tr><td>4<\/td><td>V\u00edsur Vatsenda-R\u00f3su<\/td><td>3:35<\/td><\/tr><tr><td>5<\/td><td>\u00c1 Sprengisandi<\/td><td>1:45<\/td><\/tr><tr><td>6<\/td><td>\u00cdsland fars\u00e6lda fr\u00f3n<\/td><td>2:08<\/td><\/tr><tr><td>7<\/td><td>\u00deorra\u00fer\u00e6ll<\/td><td>2:21<\/td><\/tr><tr><td>8<\/td><td>Lj\u00f3si\u00f0 kemur langt og mj\u00f3tt<\/td><td>2:03<\/td><\/tr><tr><td>9<\/td><td>Sof\u00f0u unga \u00e1stin m\u00edn<\/td><td>4:35<\/td><\/tr><tr><td>10<\/td><td>D\u00fdrin<\/td><td>1:57<\/td><\/tr><\/tbody><\/table><\/figure>\n\n\n\n<p><strong>Krummi und die Alpenv\u00f6gel | Krummi og hinir alpafuglarnir<\/strong><br>Ellen Freyd\u00eds Martin S\u00f6ngur \/ Stimme \/ Vocals<br>Peter Andritsch L\u00e1gfi\u00f0la \/Bratsche \/ Viola<br>Margarethe Deppe Sell\u00f3 \/ Cello<br>Roman Pechmann Harm\u00f3nikka \/ Akkordeon \/ accordion<br>Nora Schnabl-Andritsch Trommur \/ Percussion \/ \u2013 S\u00f6ngur \/ Stimme \/ Vocals \/ \u2013 Kalimba<\/p>\n\n\n\n<p>Markus Wallner recording \/ mix \/ mastering<br>Arrangments Krummi und die Alpenv\u00f6gel<br>Birgit Risavy Grafik Design, cover art<br>label krummi records | www.krummi.at<br>recorded in Zentrum f\u00fcr Musikvermittlung Wien 14 \u2013 www.musikvermittelt.at<br>Kontakt \/contact Ellen Freyd\u00eds Martin \u2013 alpaellen@aon.at<br>krummi records \u2013 info@krummi.at<\/p>\n\n\n\n<p>\u00a9 2016, krummi records &#038; Ellen Freyd\u00eds Martin<br>All rights reserved. Unauthorized duplication is a violation of applicable laws.<\/p>\n\n\n\n<p><\/p>\n\n\n\n<p><strong>Price: \u20ac 15,-<\/strong><br>personal handover possible in Vienna or Villach<br>or + Shipping charges Austria 5,- \u2013 rest of Europa 10,-<br>order: <br><a href=\"mailto:info@krummi.at?subject=cd-bestellung\">info@krummi.at<\/a><\/p>\n\n\n\n<figure class=\"wp-block-image size-large\"><a href=\"https:\/\/www.krummi.at\/wp-content\/uploads\/2019\/01\/krummi_cd_cover_back_web.jpg\" data-rel=\"lightbox-gallery-ltmvQUQE\" data-rl_title=\"CD back Krummi- Ellen Freyd\u00eds Martin\" data-rl_caption=\"\" title=\"CD back Krummi- Ellen Freyd\u00eds Martin\"><img loading=\"lazy\" decoding=\"async\" width=\"1024\" height=\"934\" src=\"https:\/\/www.krummi.at\/wp-content\/uploads\/2019\/01\/krummi_cd_cover_back_web-1024x934.jpg\" alt=\"\" class=\"wp-image-72\" srcset=\"https:\/\/www.krummi.at\/wp-content\/uploads\/2019\/01\/krummi_cd_cover_back_web-1024x934.jpg 1024w, https:\/\/www.krummi.at\/wp-content\/uploads\/2019\/01\/krummi_cd_cover_back_web-768x700.jpg 768w, https:\/\/www.krummi.at\/wp-content\/uploads\/2019\/01\/krummi_cd_cover_back_web-300x274.jpg 300w, https:\/\/www.krummi.at\/wp-content\/uploads\/2019\/01\/krummi_cd_cover_back_web.jpg 1625w\" sizes=\"auto, (max-width: 1024px) 100vw, 1024px\" \/><\/a><figcaption>CD back &#8211; Ellen Freyd\u00eds Martin\nKrummi und die Alpenv\u00f6gel<\/figcaption><\/figure>\n\n\n\n<div style=\"height:100px\" aria-hidden=\"true\" class=\"wp-block-spacer\"><\/div>\n\n\n\n<figure class=\"wp-block-audio\"><audio controls src=\"https:\/\/www.krummi.at\/wp-content\/uploads\/2019\/01\/01b_Kall_sat_undir_kletti.mp3\"><\/audio><figcaption>Kall sat undir kletti [Krummi und die Alpenv\u00f6gel] 0:55<\/figcaption><\/figure>\n\n\n\n<figure class=\"wp-block-audio\"><audio controls src=\"https:\/\/www.krummi.at\/wp-content\/uploads\/2019\/01\/05b_a_sprengisandi_ridum.mp3\"><\/audio><figcaption>\u00c1 Sprengisandi (R\u00ed\u00f0um, r\u00ed\u00f0um rekum yfir sandinn) [Krummi und die Alpenv\u00f6gel] 0:33<\/figcaption><\/figure>\n\n\n\n<figure class=\"wp-block-audio\"><audio controls src=\"https:\/\/www.krummi.at\/wp-content\/uploads\/2019\/01\/10b_dyrin.mp3\"><\/audio><figcaption>D\u00fdrin (Hani, krummi, hundur,sv\u00edn) [Krummi und die Alpenv\u00f6gel] 0:43<\/figcaption><\/figure>\n\n\n\n<p><\/p>\n","protected":false},"excerpt":{"rendered":"<p>Krummi und die Alpenv\u00f6gelKrummi og hinir alpafuglarnir 1 Kall sat undir kletti 2:55 2 B\u00edum, b\u00edum bamba 2:38 3 Krummi svaf klettagj\u00e1 2:24 4 V\u00edsur Vatsenda-R\u00f3su 3:35 5 \u00c1 Sprengisandi 1:45 6 \u00cdsland fars\u00e6lda fr\u00f3n 2:08 7 \u00deorra\u00fer\u00e6ll 2:21 8 Lj\u00f3si\u00f0 kemur langt og mj\u00f3tt 2:03 9 Sof\u00f0u unga \u00e1stin m\u00edn 4:35 10 D\u00fdrin 1:57 [&hellip;]<\/p>\n","protected":false},"author":1,"featured_media":0,"parent":620,"menu_order":50,"comment_status":"closed","ping_status":"closed","template":"","meta":{"footnotes":""},"class_list":["post-616","page","type-page","status-publish","hentry"],"translation":{"provider":"WPGlobus","version":"3.0.1","language":"en","enabled_languages":["de","en"],"languages":{"de":{"title":true,"content":true,"excerpt":false},"en":{"title":true,"content":true,"excerpt":false}}},"_links":{"self":[{"href":"https:\/\/www.krummi.at\/en\/wp-json\/wp\/v2\/pages\/616","targetHints":{"allow":["GET"]}}],"collection":[{"href":"https:\/\/www.krummi.at\/en\/wp-json\/wp\/v2\/pages"}],"about":[{"href":"https:\/\/www.krummi.at\/en\/wp-json\/wp\/v2\/types\/page"}],"author":[{"embeddable":true,"href":"https:\/\/www.krummi.at\/en\/wp-json\/wp\/v2\/users\/1"}],"replies":[{"embeddable":true,"href":"https:\/\/www.krummi.at\/en\/wp-json\/wp\/v2\/comments?post=616"}],"version-history":[{"count":10,"href":"https:\/\/www.krummi.at\/en\/wp-json\/wp\/v2\/pages\/616\/revisions"}],"predecessor-version":[{"id":645,"href":"https:\/\/www.krummi.at\/en\/wp-json\/wp\/v2\/pages\/616\/revisions\/645"}],"up":[{"embeddable":true,"href":"https:\/\/www.krummi.at\/en\/wp-json\/wp\/v2\/pages\/620"}],"wp:attachment":[{"href":"https:\/\/www.krummi.at\/en\/wp-json\/wp\/v2\/media?parent=616"}],"curies":[{"name":"wp","href":"https:\/\/api.w.org\/{rel}","templated":true}]}}